{"id":314,"date":"2025-10-07T13:23:00","date_gmt":"2025-10-07T11:23:00","guid":{"rendered":"http:\/\/www.villa-maria.info\/villa\/villa\/?page_id=314"},"modified":"2026-03-26T14:42:49","modified_gmt":"2026-03-26T13:42:49","slug":"appartement-xxl-2","status":"publish","type":"page","link":"http:\/\/www.villa-maria.info\/villa\/it\/appartement-xxl-2\/","title":{"rendered":"Appartemento XXL       65 mq                   1 &#8211; 4 Persone"},"content":{"rendered":" <strong>La vostra vacanza perfetta a Rabl\u00e0: scegliete la vostra casa da sogno!<\/strong><\/p>\n<!-- \/wp:post-content -->\n\n<!-- wp:paragraph -->\n<p><!-- \/wp:paragraph --><\/p>\n<!-- \/wp:post-content -->\n\n<!-- wp:paragraph -->\n<p><!-- wp:paragraph --><\/p>\n<!-- \/wp:paragraph -->\n\n<!-- wp:paragraph -->\n<p>Immaginate: vi svegliate riposati, l&#8217;aria di montagna \u00e8 limpida e il profumo di caff\u00e8 fresco nell&#8217;aria. Esattamente questa sensazione vi attende nel nostro moderno e luminoso trilocale, pronto a far diventare realt\u00e0 i vostri sogni di vacanza. Che siate una coppia innamorata o una famiglia con bambini &#8211; qui quattro persone troveranno ogni comfort per lasciarsi alle spalle la quotidianit\u00e0 e creare momenti indimenticabili a Rabl\u00e0. Avete la scelta: preferite l&#8217;appartamento al primo piano con balcone privato per il caff\u00e8 del mattino con vista, oppure quello al piano terra con terrazza diretta per ore rilassanti all&#8217;aperto? Entrambe le opzioni vi offrono il vostro perfetto domicilio di vacanza!<\/p>\n<!-- \/wp:paragraph -->\n\n<!-- wp:paragraph -->\n<p><!-- \/wp:paragraph --><\/p>\n<!-- \/wp:paragraph -->\n\n<!-- wp:paragraph -->\n<p><!-- wp:paragraph --><\/p>\n<!-- \/wp:paragraph -->\n\n<!-- wp:paragraph -->\n<p><strong>Spazio per il benessere e il relax<\/strong><\/p>\n<!-- \/wp:paragraph -->\n\n<!-- wp:paragraph -->\n<p><!-- \/wp:paragraph --><\/p>\n<!-- \/wp:paragraph -->\n\n<!-- wp:paragraph -->\n<p><!-- wp:paragraph --><\/p>\n<!-- \/wp:paragraph -->\n\n<!-- wp:paragraph -->\n<p>Entrate e sentitevi subito a casa: l&#8217;appartamento incanta con due camere da letto separate, ciascuna dotata di comodi letti matrimoniali e spaziosi armadi &#8211; ideali per un riposo rigenerante e sufficiente spazio di archiviazione. Nell&#8217;open space vi aspetta un grande tavolo da pranzo per pasti in compagnia e un comodo divano per soffermarvi e rilassarvi dopo una giornata ricca di eventi.<\/p>\n<!-- \/wp:paragraph -->\n\n<!-- wp:paragraph -->\n<p><!-- \/wp:paragraph --><\/p>\n<!-- \/wp:paragraph -->\n\n<!-- wp:paragraph -->\n<p><!-- wp:paragraph --><\/p>\n<!-- \/wp:paragraph -->\n\n<!-- wp:paragraph -->\n<p><strong>Piaceri culinari e bagno lussuoso<\/strong><\/p>\n<!-- \/wp:paragraph -->\n\n<!-- wp:paragraph -->\n<p><!-- \/wp:paragraph --><\/p>\n<!-- \/wp:paragraph -->\n\n<!-- wp:paragraph -->\n<p><!-- wp:paragraph --><\/p>\n<!-- \/wp:paragraph -->\n\n<!-- wp:paragraph -->\n<p>La cucina separata, splendidamente attrezzata, \u00e8 un vero punto di forza. Qui troverete tutto ci\u00f2 che il cuore desidera: un piano cottura in vetroceramica con cappa, forno, lavastoviglie, un grande frigorifero con scomparto congelatore, nonch\u00e9 numerosi altri dispositivi come una macchina da caff\u00e8 Nespresso e un tostapane. Qui non si \u00e8 risparmiato sulla qualit\u00e0, cos\u00ec come nel resto dell&#8217;appartamento. Il bagno luminoso con WC \u00e8 una vera oasi di benessere e offre sia una bella doccia con cabina in vetro che una vasca da bagno &#8211; perfetta per un momento di relax. Numerose superfici di appoggio e un asciugamani completano il comfort.<\/p>\n<!-- \/wp:paragraph -->\n\n<!-- wp:paragraph -->\n<p><!-- \/wp:paragraph --><\/p>\n<!-- \/wp:paragraph -->\n\n<!-- wp:paragraph -->\n<p><!-- wp:paragraph --><\/p>\n<!-- \/wp:paragraph -->\n\n<!-- wp:paragraph -->\n<p><strong>Tranquillit\u00e0, vista e posizione perfetta<\/strong><\/p>\n<!-- \/wp:paragraph -->\n\n<!-- wp:paragraph -->\n<p><!-- \/wp:paragraph --><\/p>\n<!-- \/wp:paragraph -->\n\n<!-- wp:paragraph -->\n<p><!-- wp:paragraph --><\/p>\n<!-- \/wp:paragraph -->\n\n<!-- wp:paragraph -->\n<p>Dal soggiorno panoramico godete di una vista tranquilla sul meraviglioso verde del quartiere. E il meglio? Il centro del paese \u00e8 raggiungibile comodamente in soli circa 2 minuti a piedi! L\u00ec vi aspetta un&#8217;eccellente scelta di servizi: dai ristoranti e locali con stelle per speciali piaceri del palato alle accoglienti pizzerie e caff\u00e8 fino a un supermercato, un&#8217;enoteca, farmacia e macelleria. Tutto ci\u00f2 di cui avete bisogno per una vacanza perfetta \u00e8 direttamente davanti alla vostra porta. Questo appartamento \u00e8 pi\u00f9 di un semplice alloggio &#8211; \u00e8 il vostro rifugio personale per una vacanza indimenticabile a Rabl\u00e0, dove il comfort incontra la posizione perfetta e la natura rigenerante! Pronti per la vostra vacanza da sogno? Prenotate ora ed vivete Rabl\u00e0 dal suo lato pi\u00f9 bello! Inoltre, all&#8217;appartamento appartiene un posto auto per la vostra auto.<\/p>\n<!-- \/wp:paragraph -->\n\n<!-- wp:paragraph -->\n<p><!-- \/wp:paragraph --><\/p>\n<!-- \/wp:paragraph -->\n\n<!-- wp:paragraph -->\n<p><!-- wp:paragraph --><\/p>\n<!-- \/wp:paragraph -->\n\n<!-- wp:paragraph -->\n<p><strong>Dati dell&#8217;alloggio:<\/strong><\/p>\n<!-- \/wp:paragraph -->\n\n<!-- wp:paragraph -->\n<p><!-- \/wp:paragraph --><\/p>\n<!-- \/wp:paragraph -->\n\n<!-- wp:paragraph -->\n<p><!-- wp:paragraph --><\/p>\n<!-- \/wp:paragraph -->\n\n<!-- wp:paragraph -->\n<p>Superficie abitabile: circa 65 m2<\/p>\n<!-- \/wp:paragraph -->\n\n<!-- wp:paragraph -->\n<p><!-- \/wp:paragraph --><\/p>\n<!-- \/wp:paragraph -->\n\n<!-- wp:paragraph -->\n<p><!-- wp:paragraph --><\/p>\n<!-- \/wp:paragraph -->\n\n<!-- wp:paragraph -->\n<p>Camera da letto: 2<\/p>\n<!-- \/wp:paragraph -->\n\n<!-- wp:paragraph -->\n<p><!-- \/wp:paragraph --><\/p>\n<!-- \/wp:paragraph -->\n\n<!-- wp:paragraph -->\n<p><!-- wp:paragraph --><\/p>\n<!-- \/wp:paragraph -->\n\n<!-- wp:paragraph -->\n<p>Numero di posti letto: 4<\/p>\n<!-- \/wp:paragraph -->\n\n<!-- wp:paragraph -->\n<p><!-- \/wp:paragraph --><\/p>\n<!-- \/wp:paragraph -->\n\n<!-- wp:paragraph -->\n<p><!-- wp:paragraph --><\/p>\n<!-- \/wp:paragraph -->\n\n<!-- wp:paragraph -->\n<p>Numero di bagni: 1<\/p>\n<!-- \/wp:paragraph -->\n\n<!-- wp:image {\"id\":2457,\"sizeSlug\":\"large\",\"linkDestination\":\"none\"} -->\n<figure class=\"wp-block-image size-large\"><img fetchpriority=\"high\" decoding=\"async\" width=\"1024\" height=\"768\" src=\"http:\/\/www.villa-maria.info\/villa\/wp-content\/uploads\/2026\/03\/Familie-mit-Kinder-3-1024x768.jpg\" alt=\"\" class=\"wp-image-2457\" srcset=\"http:\/\/www.villa-maria.info\/villa\/wp-content\/uploads\/2026\/03\/Familie-mit-Kinder-3-1024x768.jpg 1024w, http:\/\/www.villa-maria.info\/villa\/wp-content\/uploads\/2026\/03\/Familie-mit-Kinder-3-300x225.jpg 300w, http:\/\/www.villa-maria.info\/villa\/wp-content\/uploads\/2026\/03\/Familie-mit-Kinder-3-768x576.jpg 768w, http:\/\/www.villa-maria.info\/villa\/wp-content\/uploads\/2026\/03\/Familie-mit-Kinder-3.jpg 1195w\" sizes=\"(max-width: 767px) 89vw, (max-width: 1000px) 54vw, (max-width: 1071px) 543px, 580px\" \/><\/figure>\n<!-- \/wp:image -->\n\n<!-- wp:image {\"id\":1384,\"sizeSlug\":\"large\",\"linkDestination\":\"none\"} -->\n<figure class=\"wp-block-image size-large\"><img decoding=\"async\" width=\"768\" height=\"1024\" src=\"http:\/\/www.villa-maria.info\/villa\/wp-content\/uploads\/2022\/09\/Ku\u0308che-1-768x1024.jpg\" alt=\"\" class=\"wp-image-1384\" srcset=\"http:\/\/www.villa-maria.info\/villa\/wp-content\/uploads\/2022\/09\/Ku\u0308che-1-768x1024.jpg 768w, http:\/\/www.villa-maria.info\/villa\/wp-content\/uploads\/2022\/09\/Ku\u0308che-1-225x300.jpg 225w\" sizes=\"(max-width: 767px) 89vw, (max-width: 1000px) 54vw, (max-width: 1071px) 543px, 580px\" \/><\/figure>\n<!-- \/wp:image -->\n\n<!-- wp:image {\"id\":2222,\"sizeSlug\":\"full\",\"linkDestination\":\"none\"} -->\n<figure class=\"wp-block-image size-full\"><img decoding=\"async\" width=\"782\" height=\"546\" src=\"http:\/\/www.villa-maria.info\/villa\/wp-content\/uploads\/2026\/03\/W6-XXL-S.jpg\" alt=\"\" class=\"wp-image-2222\" srcset=\"http:\/\/www.villa-maria.info\/villa\/wp-content\/uploads\/2026\/03\/W6-XXL-S.jpg 782w, http:\/\/www.villa-maria.info\/villa\/wp-content\/uploads\/2026\/03\/W6-XXL-S-300x209.jpg 300w, http:\/\/www.villa-maria.info\/villa\/wp-content\/uploads\/2026\/03\/W6-XXL-S-768x536.jpg 768w\" sizes=\"(max-width: 767px) 89vw, (max-width: 1000px) 54vw, (max-width: 1071px) 543px, 580px\" \/><\/figure>\n<!-- \/wp:image -->\n\n<!-- wp:paragraph -->\n<p>","protected":false},"excerpt":{"rendered":"<p>La vostra vacanza perfetta a Rabl\u00e0: scegliete la vostra casa da sogno! Immaginate: vi svegliate riposati, l&#8217;aria di montagna \u00e8 limpida e il profumo di caff\u00e8 fresco nell&#8217;aria. Esattamente questa sensazione vi attende nel nostro moderno e luminoso trilocale, pronto a far diventare realt\u00e0 i vostri sogni di vacanza. Che siate una coppia innamorata o &hellip; <\/p>\n<p class=\"link-more\"><a href=\"http:\/\/www.villa-maria.info\/villa\/it\/appartement-xxl-2\/\" class=\"more-link\">Continue reading<span class=\"screen-reader-text\"> &#8220;Appartemento XXL       65 mq                   1 &#8211; 4 Persone&#8221;<\/span><\/a><\/p>\n","protected":false},"author":1,"featured_media":2455,"parent":0,"menu_order":0,"comment_status":"closed","ping_status":"closed","template":"","meta":{"ngg_post_thumbnail":0,"footnotes":""},"class_list":["post-314","page","type-page","status-publish","has-post-thumbnail","hentry"],"translation":{"provider":"WPGlobus","version":"3.0.2","language":"it","enabled_languages":["de","it","gb"],"languages":{"de":{"title":true,"content":true,"excerpt":false},"it":{"title":true,"content":true,"excerpt":false},"gb":{"title":true,"content":true,"excerpt":false}}},"yoast_head":"<!-- This site is optimized with the Yoast SEO plugin v27.2 - https:\/\/yoast.com\/product\/yoast-seo-wordpress\/ -->\n<title>Appartemento XXL    65 mq          1 - 4 Persone - Appartamenti Villa Maria<\/title>\n<meta name=\"robots\" content=\"index, follow, max-snippet:-1, max-image-preview:large, max-video-preview:-1\" \/>\n<link rel=\"canonical\" href=\"http:\/\/www.villa-maria.info\/villa\/appartement-xxl-2\/\" \/>\n<meta property=\"og:locale\" content=\"it_IT\" \/>\n<meta property=\"og:type\" content=\"article\" \/>\n<meta property=\"og:title\" content=\"Appartemento XXL    65 mq          1 - 4 Persone - Appartamenti Villa Maria\" \/>\n<meta property=\"og:url\" content=\"http:\/\/www.villa-maria.info\/villa\/appartement-xxl-2\/\" \/>\n<meta property=\"og:site_name\" content=\"Appartamenti Villa Maria\" \/>\n<meta property=\"article:publisher\" content=\"https:\/\/www.facebook.com\/FerienwohnungenVillaMaria\" \/>\n<meta property=\"article:modified_time\" content=\"2026-03-26T13:42:49+00:00\" \/>\n<meta property=\"og:image\" content=\"http:\/\/www.villa-maria.info\/villa\/wp-content\/uploads\/2026\/03\/Familie-mit-Kinder-jpg.jpg\" \/>\n\t<meta property=\"og:image:width\" content=\"1008\" \/>\n\t<meta property=\"og:image:height\" content=\"1041\" \/>\n\t<meta property=\"og:image:type\" content=\"image\/jpeg\" \/>\n<meta name=\"twitter:card\" content=\"summary_large_image\" \/>\n<meta name=\"twitter:label1\" content=\"Est. reading time\" \/>\n\t<meta name=\"twitter:data1\" content=\"8 minutes\" \/>\n<script type=\"application\/ld+json\" class=\"yoast-schema-graph\">{\"@context\":\"https:\/\/schema.org\",\"@graph\":[{\"@type\":\"WebPage\",\"@id\":\"http:\/\/www.villa-maria.info\/villa\/appartement-xxl-2\/\",\"url\":\"http:\/\/www.villa-maria.info\/villa\/appartement-xxl-2\/\",\"name\":\"Appartemento XXL 65 mq 1 - 4 Persone - Appartamenti Villa Maria\",\"isPartOf\":{\"@id\":\"http:\/\/www.villa-maria.info\/villa\/#website\"},\"primaryImageOfPage\":{\"@id\":\"http:\/\/www.villa-maria.info\/villa\/appartement-xxl-2\/#primaryimage\"},\"image\":{\"@id\":\"http:\/\/www.villa-maria.info\/villa\/appartement-xxl-2\/#primaryimage\"},\"thumbnailUrl\":\"http:\/\/www.villa-maria.info\/villa\/wp-content\/uploads\/2026\/03\/Familie-mit-Kinder-jpg.jpg\",\"datePublished\":\"2025-10-07T11:23:00+00:00\",\"dateModified\":\"2026-03-26T13:42:49+00:00\",\"description\":\"Appartamenti Villa Maria Appartemento XXL 65 mq 1 - 4 Persone -\",\"breadcrumb\":{\"@id\":\"http:\/\/www.villa-maria.info\/villa\/appartement-xxl-2\/#breadcrumb\"},\"inLanguage\":\"it-IT\",\"potentialAction\":[{\"@type\":\"ReadAction\",\"target\":[\"http:\/\/www.villa-maria.info\/villa\/appartement-xxl-2\/\"]}]},{\"@type\":\"ImageObject\",\"inLanguage\":\"it-IT\",\"@id\":\"http:\/\/www.villa-maria.info\/villa\/appartement-xxl-2\/#primaryimage\",\"url\":\"http:\/\/www.villa-maria.info\/villa\/wp-content\/uploads\/2026\/03\/Familie-mit-Kinder-jpg.jpg\",\"contentUrl\":\"http:\/\/www.villa-maria.info\/villa\/wp-content\/uploads\/2026\/03\/Familie-mit-Kinder-jpg.jpg\",\"width\":1008,\"height\":1041},{\"@type\":\"BreadcrumbList\",\"@id\":\"http:\/\/www.villa-maria.info\/villa\/appartement-xxl-2\/#breadcrumb\",\"itemListElement\":[{\"@type\":\"ListItem\",\"position\":1,\"name\":\"Startseite\",\"item\":\"http:\/\/www.villa-maria.info\/villa\/\"},{\"@type\":\"ListItem\",\"position\":2,\"name\":\"Appartement XXL\u00a0 \u00a0 \u00a065 m2\u00a0 \u00a0 \u00a0 \u00a0 \u00a0 \u00a0 \u00a0 \u00a0 \u00a0 \u00a0 1 &#8211; 4 Personen\"}]},{\"@type\":\"WebSite\",\"@id\":\"http:\/\/www.villa-maria.info\/villa\/#website\",\"url\":\"http:\/\/www.villa-maria.info\/villa\/\",\"name\":\"Ferienwohnungen Villa Maria\",\"description\":\"Merano e dintorni \",\"publisher\":{\"@id\":\"http:\/\/www.villa-maria.info\/villa\/#organization\"},\"potentialAction\":[{\"@type\":\"SearchAction\",\"target\":{\"@type\":\"EntryPoint\",\"urlTemplate\":\"http:\/\/www.villa-maria.info\/villa\/?s={search_term_string}\"},\"query-input\":{\"@type\":\"PropertyValueSpecification\",\"valueRequired\":true,\"valueName\":\"search_term_string\"}}],\"inLanguage\":\"it-IT\"},{\"@type\":\"Organization\",\"@id\":\"http:\/\/www.villa-maria.info\/villa\/#organization\",\"name\":\"Villa Maria\",\"url\":\"http:\/\/www.villa-maria.info\/villa\/\",\"logo\":{\"@type\":\"ImageObject\",\"inLanguage\":\"it-IT\",\"@id\":\"http:\/\/www.villa-maria.info\/villa\/#\/schema\/logo\/image\/\",\"url\":\"http:\/\/www.villa-maria.info\/villa\/wp-content\/uploads\/2022\/06\/LOGO2.jpg\",\"contentUrl\":\"http:\/\/www.villa-maria.info\/villa\/wp-content\/uploads\/2022\/06\/LOGO2.jpg\",\"width\":411,\"height\":486,\"caption\":\"Villa Maria\"},\"image\":{\"@id\":\"http:\/\/www.villa-maria.info\/villa\/#\/schema\/logo\/image\/\"},\"sameAs\":[\"https:\/\/www.facebook.com\/FerienwohnungenVillaMaria\",\"https:\/\/www.instagram.com\/villa_maria1\/\"]}]}<\/script>\n<!-- \/ Yoast SEO plugin. -->","yoast_head_json":{"title":"Appartemento XXL    65 mq          1 - 4 Persone - Appartamenti Villa Maria","robots":{"index":"index","follow":"follow","max-snippet":"max-snippet:-1","max-image-preview":"max-image-preview:large","max-video-preview":"max-video-preview:-1"},"canonical":"http:\/\/www.villa-maria.info\/villa\/appartement-xxl-2\/","og_locale":"it_IT","og_type":"article","og_title":"Appartemento XXL    65 mq          1 - 4 Persone - Appartamenti Villa Maria","og_url":"http:\/\/www.villa-maria.info\/villa\/appartement-xxl-2\/","og_site_name":"Appartamenti Villa Maria","article_publisher":"https:\/\/www.facebook.com\/FerienwohnungenVillaMaria","article_modified_time":"2026-03-26T13:42:49+00:00","og_image":[{"width":1008,"height":1041,"url":"http:\/\/www.villa-maria.info\/villa\/wp-content\/uploads\/2026\/03\/Familie-mit-Kinder-jpg.jpg","type":"image\/jpeg"}],"twitter_card":"summary_large_image","twitter_misc":{"Est. reading time":"8 minutes"},"schema":{"@context":"https:\/\/schema.org","@graph":[{"@type":"WebPage","@id":"http:\/\/www.villa-maria.info\/villa\/appartement-xxl-2\/","url":"http:\/\/www.villa-maria.info\/villa\/appartement-xxl-2\/","name":"Appartemento XXL 65 mq 1 - 4 Persone - Appartamenti Villa Maria","isPartOf":{"@id":"http:\/\/www.villa-maria.info\/villa\/#website"},"primaryImageOfPage":{"@id":"http:\/\/www.villa-maria.info\/villa\/appartement-xxl-2\/#primaryimage"},"image":{"@id":"http:\/\/www.villa-maria.info\/villa\/appartement-xxl-2\/#primaryimage"},"thumbnailUrl":"http:\/\/www.villa-maria.info\/villa\/wp-content\/uploads\/2026\/03\/Familie-mit-Kinder-jpg.jpg","datePublished":"2025-10-07T11:23:00+00:00","dateModified":"2026-03-26T13:42:49+00:00","description":"Appartamenti Villa Maria Appartemento XXL 65 mq 1 - 4 Persone -","breadcrumb":{"@id":"http:\/\/www.villa-maria.info\/villa\/appartement-xxl-2\/#breadcrumb"},"inLanguage":"it-IT","potentialAction":[{"@type":"ReadAction","target":["http:\/\/www.villa-maria.info\/villa\/appartement-xxl-2\/"]}]},{"@type":"ImageObject","inLanguage":"it-IT","@id":"http:\/\/www.villa-maria.info\/villa\/appartement-xxl-2\/#primaryimage","url":"http:\/\/www.villa-maria.info\/villa\/wp-content\/uploads\/2026\/03\/Familie-mit-Kinder-jpg.jpg","contentUrl":"http:\/\/www.villa-maria.info\/villa\/wp-content\/uploads\/2026\/03\/Familie-mit-Kinder-jpg.jpg","width":1008,"height":1041},{"@type":"BreadcrumbList","@id":"http:\/\/www.villa-maria.info\/villa\/appartement-xxl-2\/#breadcrumb","itemListElement":[{"@type":"ListItem","position":1,"name":"Startseite","item":"http:\/\/www.villa-maria.info\/villa\/"},{"@type":"ListItem","position":2,"name":"Appartement XXL\u00a0 \u00a0 \u00a065 m2\u00a0 \u00a0 \u00a0 \u00a0 \u00a0 \u00a0 \u00a0 \u00a0 \u00a0 \u00a0 1 &#8211; 4 Personen"}]},{"@type":"WebSite","@id":"http:\/\/www.villa-maria.info\/villa\/#website","url":"http:\/\/www.villa-maria.info\/villa\/","name":"Ferienwohnungen Villa Maria","description":"Merano e dintorni ","publisher":{"@id":"http:\/\/www.villa-maria.info\/villa\/#organization"},"potentialAction":[{"@type":"SearchAction","target":{"@type":"EntryPoint","urlTemplate":"http:\/\/www.villa-maria.info\/villa\/?s={search_term_string}"},"query-input":{"@type":"PropertyValueSpecification","valueRequired":true,"valueName":"search_term_string"}}],"inLanguage":"it-IT"},{"@type":"Organization","@id":"http:\/\/www.villa-maria.info\/villa\/#organization","name":"Villa Maria","url":"http:\/\/www.villa-maria.info\/villa\/","logo":{"@type":"ImageObject","inLanguage":"it-IT","@id":"http:\/\/www.villa-maria.info\/villa\/#\/schema\/logo\/image\/","url":"http:\/\/www.villa-maria.info\/villa\/wp-content\/uploads\/2022\/06\/LOGO2.jpg","contentUrl":"http:\/\/www.villa-maria.info\/villa\/wp-content\/uploads\/2022\/06\/LOGO2.jpg","width":411,"height":486,"caption":"Villa Maria"},"image":{"@id":"http:\/\/www.villa-maria.info\/villa\/#\/schema\/logo\/image\/"},"sameAs":["https:\/\/www.facebook.com\/FerienwohnungenVillaMaria","https:\/\/www.instagram.com\/villa_maria1\/"]}]}},"_links":{"self":[{"href":"http:\/\/www.villa-maria.info\/villa\/it\/wp-json\/wp\/v2\/pages\/314","targetHints":{"allow":["GET"]}}],"collection":[{"href":"http:\/\/www.villa-maria.info\/villa\/it\/wp-json\/wp\/v2\/pages"}],"about":[{"href":"http:\/\/www.villa-maria.info\/villa\/it\/wp-json\/wp\/v2\/types\/page"}],"author":[{"embeddable":true,"href":"http:\/\/www.villa-maria.info\/villa\/it\/wp-json\/wp\/v2\/users\/1"}],"replies":[{"embeddable":true,"href":"http:\/\/www.villa-maria.info\/villa\/it\/wp-json\/wp\/v2\/comments?post=314"}],"version-history":[{"count":94,"href":"http:\/\/www.villa-maria.info\/villa\/it\/wp-json\/wp\/v2\/pages\/314\/revisions"}],"predecessor-version":[{"id":2486,"href":"http:\/\/www.villa-maria.info\/villa\/it\/wp-json\/wp\/v2\/pages\/314\/revisions\/2486"}],"wp:featuredmedia":[{"embeddable":true,"href":"http:\/\/www.villa-maria.info\/villa\/it\/wp-json\/wp\/v2\/media\/2455"}],"wp:attachment":[{"href":"http:\/\/www.villa-maria.info\/villa\/it\/wp-json\/wp\/v2\/media?parent=314"}],"curies":[{"name":"wp","href":"https:\/\/api.w.org\/{rel}","templated":true}]}}