{"id":314,"date":"2025-10-07T13:23:00","date_gmt":"2025-10-07T11:23:00","guid":{"rendered":"http:\/\/www.villa-maria.info\/villa\/villa\/?page_id=314"},"modified":"2026-03-26T14:42:49","modified_gmt":"2026-03-26T13:42:49","slug":"appartement-xxl-2","status":"publish","type":"page","link":"http:\/\/www.villa-maria.info\/villa\/appartement-xxl-2\/","title":{"rendered":"Appartement XXL\u00a0 \u00a0    \u00a065 m2\u00a0 \u00a0 \u00a0 \u00a0 \u00a0 \u00a0 \u00a0 \u00a0 \u00a0 \u00a0 1 &#8211; 4 Personen"},"content":{"rendered":" <strong>Ihr Traumurlaub beginnt hier: Gem\u00fctlichkeit trifft auf modernen Komfort im Meraner Land !<\/strong><\/p>\n<!-- \/wp:post-content -->\n\n<!-- wp:paragraph -->\n<p>Herzst\u00fcck des Wohlf\u00fchlens: Schlafzimmer &amp; Wohnbereich<\/p>\n<!-- \/wp:paragraph -->\n\n<!-- wp:paragraph -->\n<p>Stellen Sie sich vor: Sie treten ein in Ihr modernes und helles 2-Zimmer-Apartment, das speziell daf\u00fcr geschaffen wurde, Ihnen und Ihrem Partner (oder Ihrer kleinen Familie) einen unvergesslichen Urlaub zu bereiten. Hier wurde an alles gedacht, damit Sie sich vom ersten Moment an wie zu Hause f\u00fchlen \u2013 nur besser!<\/p>\n<!-- \/wp:paragraph -->\n\n<!-- wp:paragraph -->\n<p>Ein ger\u00e4umiges Schlafzimmer mit einem kuscheligen Doppelbett l\u00e4dt zum Tr\u00e4umen und Ausschlafen ein. Daneben erwartet Sie ein offenes, lichtdurchflutetes Wohnzimmer, das zum geselligen Beisammensein einl\u00e4dt. Der Clou? Eine wundersch\u00f6ne, voll ausgestattete K\u00fcchenzeile wurde hier nahtlos integriert. Qualit\u00e4t war uns dabei ebenso wichtig wie der Rest der Wohnung \u2013 Sie werden es sp\u00fcren!<\/p>\n<!-- \/wp:paragraph -->\n\n<!-- wp:paragraph -->\n<p>Kochen mit Genuss: Ihre moderne K\u00fcchenzeile<\/p>\n<!-- \/wp:paragraph -->\n\n<!-- wp:paragraph -->\n<p>In Ihrer K\u00fcche fehlt es an nichts: Ein K\u00fchlschrank mit Gefrierfach, ein Elektrokochfeld&nbsp; sind nur der Anfang. Freuen Sie sich auf kleine, aber feine Extras, die den Urlaub noch sch\u00f6ner machen: Eine Nespresso-Kaffeemaschine f\u00fcr den perfekten Start in den Tag, ein Toaster f\u00fcr knusprige Br\u00f6tchen und viele weitere technische Ger\u00e4te, die Sie im Urlaub nicht missen m\u00f6chten. Hier macht das gemeinsame Kochen und Genie\u00dfen richtig Spa\u00df!<\/p>\n<!-- \/wp:paragraph -->\n\n<!-- wp:paragraph -->\n<p>Erfrischende Auszeit: Ihr Badezimmer<\/p>\n<!-- \/wp:paragraph -->\n\n<!-- wp:paragraph -->\n<p>Das Badezimmer ist eine kleine Wellness-Oase. Es erwartet Sie eine stilvolle Dusche mit Glaskabine, ein WC und ein modernes Waschbecken. Und keine Sorge um Platz: Zahlreiche Ablagefl\u00e4chen sorgen f\u00fcr Ordnung und Komfort.<\/p>\n<!-- \/wp:paragraph -->\n\n<!-- wp:paragraph -->\n<p>Ihr privater R\u00fcckzugsort: Balkon oder Terrasse<\/p>\n<!-- \/wp:paragraph -->\n\n<!-- wp:paragraph -->\n<p>Und das Beste kommt zum Schluss: Entspannen Sie sich auf Ihrem privaten Balkon oder Ihrer Terrasse und lassen Sie den Blick \u00fcber die charmante Nachbarschaft schweifen. Ob beim Morgenkaffee oder einem Glas Wein am Abend \u2013 hier finden Sie immer einen Moment der Ruhe.<\/p>\n<!-- \/wp:paragraph -->\n\n<!-- wp:paragraph -->\n<p>Bereit f\u00fcr unvergessliche Tage in Meraner Land ? Wir freuen uns auf Sie!<\/p>\n<!-- \/wp:paragraph -->\n\n<!-- wp:paragraph -->\n<p><br>Zus\u00e4tzlich geh\u00f6rt zur Wohnung ein Stellplatz f\u00fcr Ihren PKW .<\/p>\n<!-- \/wp:paragraph -->\n\n<!-- wp:paragraph -->\n<p>Daten der Unterkunft :<\/p>\n<!-- \/wp:paragraph -->\n\n<!-- wp:paragraph -->\n<p>Wohnfl\u00e4che : &nbsp;&nbsp;&nbsp;&nbsp;&nbsp;&nbsp;&nbsp;&nbsp;&nbsp;&nbsp;&nbsp;&nbsp;&nbsp;&nbsp;&nbsp;&nbsp;&nbsp; &nbsp;&nbsp;&nbsp;&nbsp;&nbsp;&nbsp;&nbsp;&nbsp; 50 m2<\/p>\n<!-- \/wp:paragraph -->\n\n<!-- wp:paragraph -->\n<p>Wohnzimmer mit Kochnische : &nbsp;&nbsp;&nbsp;&nbsp;&nbsp;&nbsp; 1<\/p>\n<!-- \/wp:paragraph -->\n\n<!-- wp:paragraph -->\n<p>Schlafzimmer : &nbsp;&nbsp;&nbsp;&nbsp;&nbsp;&nbsp;&nbsp;&nbsp;&nbsp;&nbsp;&nbsp;&nbsp;&nbsp;&nbsp;&nbsp;&nbsp;&nbsp;&nbsp;&nbsp;&nbsp;&nbsp;&nbsp;&nbsp;&nbsp;&nbsp;&nbsp; 1<\/p>\n<!-- \/wp:paragraph -->\n\n<!-- wp:paragraph -->\n<p>Anzahl der Schlafgelegenheiten : &nbsp;&nbsp; 2<\/p>\n<!-- \/wp:paragraph -->\n\n<!-- wp:paragraph -->\n<p>Anzahl der B\u00e4der :&nbsp;&nbsp;&nbsp;&nbsp;&nbsp;&nbsp;&nbsp;&nbsp;&nbsp;&nbsp;&nbsp;&nbsp;&nbsp;&nbsp;&nbsp;&nbsp;&nbsp;&nbsp;&nbsp;&nbsp;&nbsp;&nbsp; 1<\/p>\n<!-- \/wp:paragraph -->\n\n<!-- wp:image {\"id\":2457,\"sizeSlug\":\"large\",\"linkDestination\":\"none\"} -->\n<figure class=\"wp-block-image size-large\"><img fetchpriority=\"high\" decoding=\"async\" width=\"1024\" height=\"768\" src=\"http:\/\/www.villa-maria.info\/villa\/wp-content\/uploads\/2026\/03\/Familie-mit-Kinder-3-1024x768.jpg\" alt=\"\" class=\"wp-image-2457\" srcset=\"http:\/\/www.villa-maria.info\/villa\/wp-content\/uploads\/2026\/03\/Familie-mit-Kinder-3-1024x768.jpg 1024w, http:\/\/www.villa-maria.info\/villa\/wp-content\/uploads\/2026\/03\/Familie-mit-Kinder-3-300x225.jpg 300w, http:\/\/www.villa-maria.info\/villa\/wp-content\/uploads\/2026\/03\/Familie-mit-Kinder-3-768x576.jpg 768w, http:\/\/www.villa-maria.info\/villa\/wp-content\/uploads\/2026\/03\/Familie-mit-Kinder-3.jpg 1195w\" sizes=\"(max-width: 767px) 89vw, (max-width: 1000px) 54vw, (max-width: 1071px) 543px, 580px\" \/><\/figure>\n<!-- \/wp:image -->\n\n<!-- wp:image {\"id\":1384,\"sizeSlug\":\"large\",\"linkDestination\":\"none\"} -->\n<figure class=\"wp-block-image size-large\"><img decoding=\"async\" width=\"768\" height=\"1024\" src=\"http:\/\/www.villa-maria.info\/villa\/wp-content\/uploads\/2022\/09\/Ku\u0308che-1-768x1024.jpg\" alt=\"\" class=\"wp-image-1384\" srcset=\"http:\/\/www.villa-maria.info\/villa\/wp-content\/uploads\/2022\/09\/Ku\u0308che-1-768x1024.jpg 768w, http:\/\/www.villa-maria.info\/villa\/wp-content\/uploads\/2022\/09\/Ku\u0308che-1-225x300.jpg 225w\" sizes=\"(max-width: 767px) 89vw, (max-width: 1000px) 54vw, (max-width: 1071px) 543px, 580px\" \/><\/figure>\n<!-- \/wp:image -->\n\n<!-- wp:image {\"id\":2222,\"sizeSlug\":\"full\",\"linkDestination\":\"none\"} -->\n<figure class=\"wp-block-image size-full\"><img decoding=\"async\" width=\"782\" height=\"546\" src=\"http:\/\/www.villa-maria.info\/villa\/wp-content\/uploads\/2026\/03\/W6-XXL-S.jpg\" alt=\"\" class=\"wp-image-2222\" srcset=\"http:\/\/www.villa-maria.info\/villa\/wp-content\/uploads\/2026\/03\/W6-XXL-S.jpg 782w, http:\/\/www.villa-maria.info\/villa\/wp-content\/uploads\/2026\/03\/W6-XXL-S-300x209.jpg 300w, http:\/\/www.villa-maria.info\/villa\/wp-content\/uploads\/2026\/03\/W6-XXL-S-768x536.jpg 768w\" sizes=\"(max-width: 767px) 89vw, (max-width: 1000px) 54vw, (max-width: 1071px) 543px, 580px\" \/><\/figure>\n<!-- \/wp:image -->\n\n<!-- wp:paragraph -->\n<p>\u00a0<\/p>\n<!-- \/wp:paragraph -->\n\n<!-- wp:paragraph -->\n<p>","protected":false},"excerpt":{"rendered":"<p>Ihr Traumurlaub beginnt hier: Gem\u00fctlichkeit trifft auf modernen Komfort im Meraner Land ! Herzst\u00fcck des Wohlf\u00fchlens: Schlafzimmer &amp; Wohnbereich Stellen Sie sich vor: Sie treten ein in Ihr modernes und helles 2-Zimmer-Apartment, das speziell daf\u00fcr geschaffen wurde, Ihnen und Ihrem Partner (oder Ihrer kleinen Familie) einen unvergesslichen Urlaub zu bereiten. Hier wurde an alles gedacht, &hellip; <\/p>\n<p class=\"link-more\"><a href=\"http:\/\/www.villa-maria.info\/villa\/appartement-xxl-2\/\" class=\"more-link\"><span class=\"screen-reader-text\">\u201eAppartement XXL\u00a0 \u00a0    \u00a065 m2\u00a0 \u00a0 \u00a0 \u00a0 \u00a0 \u00a0 \u00a0 \u00a0 \u00a0 \u00a0 1 &#8211; 4 Personen\u201c <\/span>weiterlesen<\/a><\/p>\n","protected":false},"author":1,"featured_media":2455,"parent":0,"menu_order":0,"comment_status":"closed","ping_status":"closed","template":"","meta":{"ngg_post_thumbnail":0,"footnotes":""},"class_list":["post-314","page","type-page","status-publish","has-post-thumbnail","hentry"],"translation":{"provider":"WPGlobus","version":"3.0.2","language":"de","enabled_languages":["de","it","gb"],"languages":{"de":{"title":true,"content":true,"excerpt":false},"it":{"title":true,"content":true,"excerpt":false},"gb":{"title":true,"content":true,"excerpt":false}}},"yoast_head":"<!-- This site is optimized with the Yoast SEO plugin v27.2 - https:\/\/yoast.com\/product\/yoast-seo-wordpress\/ -->\n<title>Appartement XXL\u00a0 \u00a0  \u00a065 m2\u00a0 \u00a0 \u00a0 \u00a0 \u00a0 \u00a0 \u00a0 \u00a0 \u00a0 \u00a0 1 - 4 Personen  - Ferienwohnungen Villa Maria<\/title>\n<meta name=\"description\" content=\"Ferienwohnungen Villa Maria Appartement XXL\u00a0 \u00a0 \u00a065 m2\u00a0 \u00a0 \u00a0 \u00a0 \u00a0 \u00a0 \u00a0 \u00a0 \u00a0 \u00a0 1 - 4 Personen -\" \/>\n<meta name=\"robots\" content=\"index, follow, max-snippet:-1, max-image-preview:large, max-video-preview:-1\" \/>\n<link rel=\"canonical\" href=\"http:\/\/www.villa-maria.info\/villa\/appartement-xxl-2\/\" \/>\n<meta property=\"og:locale\" content=\"de_DE\" \/>\n<meta property=\"og:type\" content=\"article\" \/>\n<meta property=\"og:title\" content=\"Appartement XXL\u00a0 \u00a0  \u00a065 m2\u00a0 \u00a0 \u00a0 \u00a0 \u00a0 \u00a0 \u00a0 \u00a0 \u00a0 \u00a0 1 - 4 Personen  - Ferienwohnungen Villa Maria\" \/>\n<meta property=\"og:description\" content=\"Ferienwohnungen Villa Maria Appartement XXL\u00a0 \u00a0 \u00a065 m2\u00a0 \u00a0 \u00a0 \u00a0 \u00a0 \u00a0 \u00a0 \u00a0 \u00a0 \u00a0 1 - 4 Personen -\" \/>\n<meta property=\"og:url\" content=\"http:\/\/www.villa-maria.info\/villa\/appartement-xxl-2\/\" \/>\n<meta property=\"og:site_name\" content=\"Ferienwohnungen Villa Maria\" \/>\n<meta property=\"article:publisher\" content=\"https:\/\/www.facebook.com\/FerienwohnungenVillaMaria\" \/>\n<meta property=\"article:modified_time\" content=\"2026-03-26T13:42:49+00:00\" \/>\n<meta property=\"og:image\" content=\"http:\/\/www.villa-maria.info\/villa\/wp-content\/uploads\/2026\/03\/Familie-mit-Kinder-jpg.jpg\" \/>\n\t<meta property=\"og:image:width\" content=\"1008\" \/>\n\t<meta property=\"og:image:height\" content=\"1041\" \/>\n\t<meta property=\"og:image:type\" content=\"image\/jpeg\" \/>\n<meta name=\"twitter:card\" content=\"summary_large_image\" \/>\n<meta name=\"twitter:label1\" content=\"Gesch\u00e4tzte Lesezeit\" \/>\n\t<meta name=\"twitter:data1\" content=\"8\u00a0Minuten\" \/>\n<script type=\"application\/ld+json\" class=\"yoast-schema-graph\">{\"@context\":\"https:\/\/schema.org\",\"@graph\":[{\"@type\":\"WebPage\",\"@id\":\"http:\/\/www.villa-maria.info\/villa\/appartement-xxl-2\/\",\"url\":\"http:\/\/www.villa-maria.info\/villa\/appartement-xxl-2\/\",\"name\":\"Appartement XXL\u00a0 \u00a0 \u00a065 m2\u00a0 \u00a0 \u00a0 \u00a0 \u00a0 \u00a0 \u00a0 \u00a0 \u00a0 \u00a0 1 - 4 Personen - Ferienwohnungen Villa Maria\",\"isPartOf\":{\"@id\":\"http:\/\/www.villa-maria.info\/villa\/#website\"},\"primaryImageOfPage\":{\"@id\":\"http:\/\/www.villa-maria.info\/villa\/appartement-xxl-2\/#primaryimage\"},\"image\":{\"@id\":\"http:\/\/www.villa-maria.info\/villa\/appartement-xxl-2\/#primaryimage\"},\"thumbnailUrl\":\"http:\/\/www.villa-maria.info\/villa\/wp-content\/uploads\/2026\/03\/Familie-mit-Kinder-jpg.jpg\",\"datePublished\":\"2025-10-07T11:23:00+00:00\",\"dateModified\":\"2026-03-26T13:42:49+00:00\",\"description\":\"Ferienwohnungen Villa Maria Appartement XXL\u00a0 \u00a0 \u00a065 m2\u00a0 \u00a0 \u00a0 \u00a0 \u00a0 \u00a0 \u00a0 \u00a0 \u00a0 \u00a0 1 - 4 Personen -\",\"breadcrumb\":{\"@id\":\"http:\/\/www.villa-maria.info\/villa\/appartement-xxl-2\/#breadcrumb\"},\"inLanguage\":\"de\",\"potentialAction\":[{\"@type\":\"ReadAction\",\"target\":[\"http:\/\/www.villa-maria.info\/villa\/appartement-xxl-2\/\"]}]},{\"@type\":\"ImageObject\",\"inLanguage\":\"de\",\"@id\":\"http:\/\/www.villa-maria.info\/villa\/appartement-xxl-2\/#primaryimage\",\"url\":\"http:\/\/www.villa-maria.info\/villa\/wp-content\/uploads\/2026\/03\/Familie-mit-Kinder-jpg.jpg\",\"contentUrl\":\"http:\/\/www.villa-maria.info\/villa\/wp-content\/uploads\/2026\/03\/Familie-mit-Kinder-jpg.jpg\",\"width\":1008,\"height\":1041},{\"@type\":\"BreadcrumbList\",\"@id\":\"http:\/\/www.villa-maria.info\/villa\/appartement-xxl-2\/#breadcrumb\",\"itemListElement\":[{\"@type\":\"ListItem\",\"position\":1,\"name\":\"Startseite\",\"item\":\"http:\/\/www.villa-maria.info\/villa\/\"},{\"@type\":\"ListItem\",\"position\":2,\"name\":\"Appartement XXL\u00a0 \u00a0 \u00a065 m2\u00a0 \u00a0 \u00a0 \u00a0 \u00a0 \u00a0 \u00a0 \u00a0 \u00a0 \u00a0 1 &#8211; 4 Personen\"}]},{\"@type\":\"WebSite\",\"@id\":\"http:\/\/www.villa-maria.info\/villa\/#website\",\"url\":\"http:\/\/www.villa-maria.info\/villa\/\",\"name\":\"Ferienwohnungen Villa Maria\",\"description\":\"Traumferien im Meranerland\",\"publisher\":{\"@id\":\"http:\/\/www.villa-maria.info\/villa\/#organization\"},\"potentialAction\":[{\"@type\":\"SearchAction\",\"target\":{\"@type\":\"EntryPoint\",\"urlTemplate\":\"http:\/\/www.villa-maria.info\/villa\/?s={search_term_string}\"},\"query-input\":{\"@type\":\"PropertyValueSpecification\",\"valueRequired\":true,\"valueName\":\"search_term_string\"}}],\"inLanguage\":\"de\"},{\"@type\":\"Organization\",\"@id\":\"http:\/\/www.villa-maria.info\/villa\/#organization\",\"name\":\"Villa Maria\",\"url\":\"http:\/\/www.villa-maria.info\/villa\/\",\"logo\":{\"@type\":\"ImageObject\",\"inLanguage\":\"de\",\"@id\":\"http:\/\/www.villa-maria.info\/villa\/#\/schema\/logo\/image\/\",\"url\":\"http:\/\/www.villa-maria.info\/villa\/wp-content\/uploads\/2022\/06\/LOGO2.jpg\",\"contentUrl\":\"http:\/\/www.villa-maria.info\/villa\/wp-content\/uploads\/2022\/06\/LOGO2.jpg\",\"width\":411,\"height\":486,\"caption\":\"Villa Maria\"},\"image\":{\"@id\":\"http:\/\/www.villa-maria.info\/villa\/#\/schema\/logo\/image\/\"},\"sameAs\":[\"https:\/\/www.facebook.com\/FerienwohnungenVillaMaria\",\"https:\/\/www.instagram.com\/villa_maria1\/\"]}]}<\/script>\n<!-- \/ Yoast SEO plugin. -->","yoast_head_json":{"title":"Appartement XXL\u00a0 \u00a0  \u00a065 m2\u00a0 \u00a0 \u00a0 \u00a0 \u00a0 \u00a0 \u00a0 \u00a0 \u00a0 \u00a0 1 - 4 Personen  - Ferienwohnungen Villa Maria","description":"Ferienwohnungen Villa Maria Appartement XXL\u00a0 \u00a0 \u00a065 m2\u00a0 \u00a0 \u00a0 \u00a0 \u00a0 \u00a0 \u00a0 \u00a0 \u00a0 \u00a0 1 - 4 Personen -","robots":{"index":"index","follow":"follow","max-snippet":"max-snippet:-1","max-image-preview":"max-image-preview:large","max-video-preview":"max-video-preview:-1"},"canonical":"http:\/\/www.villa-maria.info\/villa\/appartement-xxl-2\/","og_locale":"de_DE","og_type":"article","og_title":"Appartement XXL\u00a0 \u00a0  \u00a065 m2\u00a0 \u00a0 \u00a0 \u00a0 \u00a0 \u00a0 \u00a0 \u00a0 \u00a0 \u00a0 1 - 4 Personen  - Ferienwohnungen Villa Maria","og_description":"Ferienwohnungen Villa Maria Appartement XXL\u00a0 \u00a0 \u00a065 m2\u00a0 \u00a0 \u00a0 \u00a0 \u00a0 \u00a0 \u00a0 \u00a0 \u00a0 \u00a0 1 - 4 Personen -","og_url":"http:\/\/www.villa-maria.info\/villa\/appartement-xxl-2\/","og_site_name":"Ferienwohnungen Villa Maria","article_publisher":"https:\/\/www.facebook.com\/FerienwohnungenVillaMaria","article_modified_time":"2026-03-26T13:42:49+00:00","og_image":[{"width":1008,"height":1041,"url":"http:\/\/www.villa-maria.info\/villa\/wp-content\/uploads\/2026\/03\/Familie-mit-Kinder-jpg.jpg","type":"image\/jpeg"}],"twitter_card":"summary_large_image","twitter_misc":{"Gesch\u00e4tzte Lesezeit":"8\u00a0Minuten"},"schema":{"@context":"https:\/\/schema.org","@graph":[{"@type":"WebPage","@id":"http:\/\/www.villa-maria.info\/villa\/appartement-xxl-2\/","url":"http:\/\/www.villa-maria.info\/villa\/appartement-xxl-2\/","name":"Appartement XXL\u00a0 \u00a0 \u00a065 m2\u00a0 \u00a0 \u00a0 \u00a0 \u00a0 \u00a0 \u00a0 \u00a0 \u00a0 \u00a0 1 - 4 Personen - Ferienwohnungen Villa Maria","isPartOf":{"@id":"http:\/\/www.villa-maria.info\/villa\/#website"},"primaryImageOfPage":{"@id":"http:\/\/www.villa-maria.info\/villa\/appartement-xxl-2\/#primaryimage"},"image":{"@id":"http:\/\/www.villa-maria.info\/villa\/appartement-xxl-2\/#primaryimage"},"thumbnailUrl":"http:\/\/www.villa-maria.info\/villa\/wp-content\/uploads\/2026\/03\/Familie-mit-Kinder-jpg.jpg","datePublished":"2025-10-07T11:23:00+00:00","dateModified":"2026-03-26T13:42:49+00:00","description":"Ferienwohnungen Villa Maria Appartement XXL\u00a0 \u00a0 \u00a065 m2\u00a0 \u00a0 \u00a0 \u00a0 \u00a0 \u00a0 \u00a0 \u00a0 \u00a0 \u00a0 1 - 4 Personen -","breadcrumb":{"@id":"http:\/\/www.villa-maria.info\/villa\/appartement-xxl-2\/#breadcrumb"},"inLanguage":"de","potentialAction":[{"@type":"ReadAction","target":["http:\/\/www.villa-maria.info\/villa\/appartement-xxl-2\/"]}]},{"@type":"ImageObject","inLanguage":"de","@id":"http:\/\/www.villa-maria.info\/villa\/appartement-xxl-2\/#primaryimage","url":"http:\/\/www.villa-maria.info\/villa\/wp-content\/uploads\/2026\/03\/Familie-mit-Kinder-jpg.jpg","contentUrl":"http:\/\/www.villa-maria.info\/villa\/wp-content\/uploads\/2026\/03\/Familie-mit-Kinder-jpg.jpg","width":1008,"height":1041},{"@type":"BreadcrumbList","@id":"http:\/\/www.villa-maria.info\/villa\/appartement-xxl-2\/#breadcrumb","itemListElement":[{"@type":"ListItem","position":1,"name":"Startseite","item":"http:\/\/www.villa-maria.info\/villa\/"},{"@type":"ListItem","position":2,"name":"Appartement XXL\u00a0 \u00a0 \u00a065 m2\u00a0 \u00a0 \u00a0 \u00a0 \u00a0 \u00a0 \u00a0 \u00a0 \u00a0 \u00a0 1 &#8211; 4 Personen"}]},{"@type":"WebSite","@id":"http:\/\/www.villa-maria.info\/villa\/#website","url":"http:\/\/www.villa-maria.info\/villa\/","name":"Ferienwohnungen Villa Maria","description":"Traumferien im Meranerland","publisher":{"@id":"http:\/\/www.villa-maria.info\/villa\/#organization"},"potentialAction":[{"@type":"SearchAction","target":{"@type":"EntryPoint","urlTemplate":"http:\/\/www.villa-maria.info\/villa\/?s={search_term_string}"},"query-input":{"@type":"PropertyValueSpecification","valueRequired":true,"valueName":"search_term_string"}}],"inLanguage":"de"},{"@type":"Organization","@id":"http:\/\/www.villa-maria.info\/villa\/#organization","name":"Villa Maria","url":"http:\/\/www.villa-maria.info\/villa\/","logo":{"@type":"ImageObject","inLanguage":"de","@id":"http:\/\/www.villa-maria.info\/villa\/#\/schema\/logo\/image\/","url":"http:\/\/www.villa-maria.info\/villa\/wp-content\/uploads\/2022\/06\/LOGO2.jpg","contentUrl":"http:\/\/www.villa-maria.info\/villa\/wp-content\/uploads\/2022\/06\/LOGO2.jpg","width":411,"height":486,"caption":"Villa Maria"},"image":{"@id":"http:\/\/www.villa-maria.info\/villa\/#\/schema\/logo\/image\/"},"sameAs":["https:\/\/www.facebook.com\/FerienwohnungenVillaMaria","https:\/\/www.instagram.com\/villa_maria1\/"]}]}},"_links":{"self":[{"href":"http:\/\/www.villa-maria.info\/villa\/wp-json\/wp\/v2\/pages\/314","targetHints":{"allow":["GET"]}}],"collection":[{"href":"http:\/\/www.villa-maria.info\/villa\/wp-json\/wp\/v2\/pages"}],"about":[{"href":"http:\/\/www.villa-maria.info\/villa\/wp-json\/wp\/v2\/types\/page"}],"author":[{"embeddable":true,"href":"http:\/\/www.villa-maria.info\/villa\/wp-json\/wp\/v2\/users\/1"}],"replies":[{"embeddable":true,"href":"http:\/\/www.villa-maria.info\/villa\/wp-json\/wp\/v2\/comments?post=314"}],"version-history":[{"count":94,"href":"http:\/\/www.villa-maria.info\/villa\/wp-json\/wp\/v2\/pages\/314\/revisions"}],"predecessor-version":[{"id":2486,"href":"http:\/\/www.villa-maria.info\/villa\/wp-json\/wp\/v2\/pages\/314\/revisions\/2486"}],"wp:featuredmedia":[{"embeddable":true,"href":"http:\/\/www.villa-maria.info\/villa\/wp-json\/wp\/v2\/media\/2455"}],"wp:attachment":[{"href":"http:\/\/www.villa-maria.info\/villa\/wp-json\/wp\/v2\/media?parent=314"}],"curies":[{"name":"wp","href":"https:\/\/api.w.org\/{rel}","templated":true}]}}